{"id":253,"date":"2020-04-05T13:21:17","date_gmt":"2020-04-05T13:21:17","guid":{"rendered":"http:\/\/bearbeitung.grundschule-uthlede.de\/?page_id=253"},"modified":"2023-02-21T14:36:31","modified_gmt":"2023-02-21T14:36:31","slug":"sonderpaedagoische-foerderung","status":"publish","type":"page","link":"http:\/\/grundschule-uthlede.de\/?page_id=253","title":{"rendered":"Inklusion"},"content":{"rendered":"\n<p>Die Grundschule Uthlede ist eine inklusive Schule. <\/p>\n\n\n\n<p>Sch\u00fclerinnen und Sch\u00fcler, die wegen einer bestehenden oder drohenden Behinderung auf sonderp\u00e4dagogische Unterst\u00fctzung angewiesen sind, werden durch wirksame, individuell angepasste Ma\u00dfnahmen unterst\u00fctzt.<\/p>\n\n\n\n<p>Diese Ma\u00dfnahmen entwickeln wir gemeinsam im Team, eine Koordination findet in den regelm\u00e4\u00dfigen Teamsitzungen statt. Die F\u00f6rderschullehrerin \u00fcbernimmt die grundlegenden Planungen, stellt das Material zur Verf\u00fcgung und steht beratend zur Seite.<\/p>\n\n\n\n<p>Wenn n\u00f6tig k\u00f6nnen Leistungsanforderungen von denen der Grundschule abweichen.<\/p>\n\n\n\n<p>Ein Bedarf an sonderp\u00e4dagogischer Unterst\u00fctzung kann in den F\u00f6rderschwerpunkten Lernen, emotionale und soziale Entwicklung, Sprache, geistige Entwicklung, k\u00f6rperliche und motorische Entwicklung, Sehen und H\u00f6ren festgestellt werden.<\/p>\n\n\n\n<p><\/p>\n\n\n\n<p>F\u00fcr die sonderp\u00e4dagogische F\u00f6rderung einzelner Sch\u00fcler ist an unserer Schule Frau Zimmermann  zust\u00e4ndig. <\/p>\n\n\n\n<p><strong>Kontakt<\/strong><\/p>\n\n\n\n<p>Frau Zimmermann: <strong>barbara.zimmermann@mzcux.de<\/strong><\/p>\n\n\n\n<p><\/p>\n","protected":false},"excerpt":{"rendered":"<p>Die Grundschule Uthlede ist eine inklusive Schule. Sch\u00fclerinnen und Sch\u00fcler, die wegen einer bestehenden oder drohenden Behinderung auf sonderp\u00e4dagogische Unterst\u00fctzung angewiesen sind, werden durch wirksame, individuell angepasste Ma\u00dfnahmen unterst\u00fctzt. Diese Ma\u00dfnahmen entwickeln wir gemeinsam im Team, eine Koordination findet in den regelm\u00e4\u00dfigen Teamsitzungen statt. Die F\u00f6rderschullehrerin \u00fcbernimmt die grundlegenden Planungen, stellt das Material zur Verf\u00fcgung [&hellip;]<\/p>\n","protected":false},"author":1,"featured_media":0,"parent":0,"menu_order":0,"comment_status":"closed","ping_status":"closed","template":"","meta":{"footnotes":""},"class_list":["post-253","page","type-page","status-publish","hentry"],"_links":{"self":[{"href":"http:\/\/grundschule-uthlede.de\/index.php?rest_route=\/wp\/v2\/pages\/253"}],"collection":[{"href":"http:\/\/grundschule-uthlede.de\/index.php?rest_route=\/wp\/v2\/pages"}],"about":[{"href":"http:\/\/grundschule-uthlede.de\/index.php?rest_route=\/wp\/v2\/types\/page"}],"author":[{"embeddable":true,"href":"http:\/\/grundschule-uthlede.de\/index.php?rest_route=\/wp\/v2\/users\/1"}],"replies":[{"embeddable":true,"href":"http:\/\/grundschule-uthlede.de\/index.php?rest_route=%2Fwp%2Fv2%2Fcomments&post=253"}],"version-history":[{"count":15,"href":"http:\/\/grundschule-uthlede.de\/index.php?rest_route=\/wp\/v2\/pages\/253\/revisions"}],"predecessor-version":[{"id":654,"href":"http:\/\/grundschule-uthlede.de\/index.php?rest_route=\/wp\/v2\/pages\/253\/revisions\/654"}],"wp:attachment":[{"href":"http:\/\/grundschule-uthlede.de\/index.php?rest_route=%2Fwp%2Fv2%2Fmedia&parent=253"}],"curies":[{"name":"wp","href":"https:\/\/api.w.org\/{rel}","templated":true}]}}